{"id":1124,"date":"2024-01-15T15:29:01","date_gmt":"2024-01-15T14:29:01","guid":{"rendered":"https:\/\/mt-decoratrice-evenementielle.fr\/?page_id=1124"},"modified":"2026-04-16T15:25:50","modified_gmt":"2026-04-16T13:25:50","slug":"accueil","status":"publish","type":"page","link":"https:\/\/mt-decoratrice-evenementielle.fr\/","title":{"rendered":"ACCUEIL"},"content":{"rendered":"\n<div class=\"wp-block-media-text alignfull is-stacked-on-mobile\" style=\"grid-template-columns:38% auto\" id=\"d\u00e9corationpiquenique\"><figure class=\"wp-block-media-text__media\"><img loading=\"lazy\" decoding=\"async\" width=\"724\" height=\"1024\" src=\"https:\/\/mt-decoratrice-evenementielle.fr\/wp-content\/uploads\/2026\/04\/arnopartissimo-724x1024.png\" alt=\"\" class=\"wp-image-1528 size-full\" srcset=\"https:\/\/mt-decoratrice-evenementielle.fr\/wp-content\/uploads\/2026\/04\/arnopartissimo-724x1024.png 724w, https:\/\/mt-decoratrice-evenementielle.fr\/wp-content\/uploads\/2026\/04\/arnopartissimo-212x300.png 212w, https:\/\/mt-decoratrice-evenementielle.fr\/wp-content\/uploads\/2026\/04\/arnopartissimo-768x1086.png 768w, https:\/\/mt-decoratrice-evenementielle.fr\/wp-content\/uploads\/2026\/04\/arnopartissimo-1086x1536.png 1086w, https:\/\/mt-decoratrice-evenementielle.fr\/wp-content\/uploads\/2026\/04\/arnopartissimo.png 1414w\" sizes=\"auto, (max-width: 724px) 100vw, 724px\" \/><\/figure><div class=\"wp-block-media-text__content\">\n<h1 class=\"wp-block-heading has-large-font-size\"><strong>MT D\u00e9coratrice Ev\u00e9nementielle c\u2019est quoi ?<\/strong><\/h1>\n\n\n\n<p class=\"has-ast-global-color-7-color has-text-color has-link-color wp-elements-ed7ab459b161a1025bb14583ed4c969d\">C\u2019est une agence de d\u00e9coration d\u2019\u00e9v\u00e9nement situ\u00e9e \u00e0 <strong>Foug\u00e8res<\/strong>, en Ille et Vilaine, g\u00e9r\u00e9e par <strong>Marina THOMAS<\/strong> la cr\u00e9atrice, depuis Mai 2020.<\/p>\n\n\n\n<p>Notre agence intervient<strong> l\u00e0 o\u00f9 le client le souhaite, en France ou \u00e0 l\u2019\u00e9tranger<\/strong>, \u00e0 n\u2019importe quelle p\u00e9riode de l\u2019ann\u00e9e.<\/p>\n\n\n\n<p>Le but de notre activit\u00e9 est de cr\u00e9er une d\u00e9coration <strong>100% sur-mesure \u00e0 l\u2019image de nos clients<\/strong>, tout en apportant une <strong>expertise professionnelle<\/strong> pour cr\u00e9er un d\u00e9cor de qualit\u00e9 avec un r\u00e9el impact sur les convives invit\u00e9s.<\/p>\n\n\n\n<p>Nous avons accompagn\u00e9 jusqu\u2019\u00e0 ce jour plus de<strong> 250 clients<\/strong> (professionnels et particuliers).<\/p>\n<\/div><\/div>\n\n\n\n<div style=\"height:100px\" aria-hidden=\"true\" class=\"wp-block-spacer\"><\/div>\n\n\n\n<div class=\"wp-block-media-text alignwide has-media-on-the-right is-stacked-on-mobile\"><div class=\"wp-block-media-text__content\">\n<h2 class=\"wp-block-heading has-text-align-left has-large-font-size\"><strong>Qu\u2019est-ce qu\u2019un d\u00e9cor sur-mesure ?<\/strong><\/h2>\n\n\n\n<p class=\"has-text-align-left has-medium-font-size\">Un d\u00e9cor sur mesure est un d\u00e9cor enti\u00e8rement pens\u00e9 et con\u00e7u <strong>pour vous<\/strong> et seulement vous ! Suite \u00e0 un \u00e9change avec le client apr\u00e8s que le devis soit valid\u00e9, nous vous proposons un <strong>projet correspondant \u00e0 vos attentes<\/strong> suite aux besoins r\u00e9colt\u00e9s. Nous mettons \u00e0 profit, notre <strong>expertise<\/strong> afin que le d\u00e9cor soit <strong>cr\u00e9atif<\/strong>, <strong>nouveau<\/strong>, de <strong>qualit\u00e9<\/strong> et qui corresponde enti\u00e8rement \u00e0 votre identit\u00e9.<\/p>\n\n\n\n<p class=\"has-text-align-left has-medium-font-size\"><strong>Nous nous occupons de tout<\/strong>, la communication, g\u00e9rer les locations de mobilier si besoin, cr\u00e9er les d\u00e9cors, la logistique ainsi que l\u2019installation et la d\u00e9sinstallation.<\/p>\n\n\n\n<p class=\"has-text-align-left has-medium-font-size\">Le but de ce d\u00e9cor est de<strong> surprendre vos invit\u00e9s<\/strong> gr\u00e2ce \u00e0 un d\u00e9cor parfaitement con\u00e7u.<\/p>\n<\/div><figure class=\"wp-block-media-text__media\"><img loading=\"lazy\" decoding=\"async\" width=\"1024\" height=\"965\" src=\"https:\/\/mt-decoratrice-evenementielle.fr\/wp-content\/uploads\/2025\/02\/476403387_2481792932162311_8564548971777428176_n-1024x965.jpg\" alt=\"\" class=\"wp-image-1417 size-full\" srcset=\"https:\/\/mt-decoratrice-evenementielle.fr\/wp-content\/uploads\/2025\/02\/476403387_2481792932162311_8564548971777428176_n-1024x965.jpg 1024w, https:\/\/mt-decoratrice-evenementielle.fr\/wp-content\/uploads\/2025\/02\/476403387_2481792932162311_8564548971777428176_n-300x283.jpg 300w, https:\/\/mt-decoratrice-evenementielle.fr\/wp-content\/uploads\/2025\/02\/476403387_2481792932162311_8564548971777428176_n-768x723.jpg 768w, https:\/\/mt-decoratrice-evenementielle.fr\/wp-content\/uploads\/2025\/02\/476403387_2481792932162311_8564548971777428176_n-1536x1447.jpg 1536w, https:\/\/mt-decoratrice-evenementielle.fr\/wp-content\/uploads\/2025\/02\/476403387_2481792932162311_8564548971777428176_n.jpg 2048w\" sizes=\"auto, (max-width: 1024px) 100vw, 1024px\" \/><\/figure><\/div>\n\n\n\n<div style=\"height:118px\" aria-hidden=\"true\" class=\"wp-block-spacer\"><\/div>\n\n\n\n<div class=\"wp-block-media-text alignwide is-stacked-on-mobile\" style=\"grid-template-columns:35% auto\"><figure class=\"wp-block-media-text__media\"><img loading=\"lazy\" decoding=\"async\" width=\"682\" height=\"1024\" src=\"https:\/\/mt-decoratrice-evenementielle.fr\/wp-content\/uploads\/2025\/02\/Design-sans-titre-3-682x1024.png\" alt=\"\" class=\"wp-image-1390 size-full\" srcset=\"https:\/\/mt-decoratrice-evenementielle.fr\/wp-content\/uploads\/2025\/02\/Design-sans-titre-3-682x1024.png 682w, https:\/\/mt-decoratrice-evenementielle.fr\/wp-content\/uploads\/2025\/02\/Design-sans-titre-3-200x300.png 200w, https:\/\/mt-decoratrice-evenementielle.fr\/wp-content\/uploads\/2025\/02\/Design-sans-titre-3-768x1152.png 768w, https:\/\/mt-decoratrice-evenementielle.fr\/wp-content\/uploads\/2025\/02\/Design-sans-titre-3-1024x1536.png 1024w, https:\/\/mt-decoratrice-evenementielle.fr\/wp-content\/uploads\/2025\/02\/Design-sans-titre-3.png 1333w\" sizes=\"auto, (max-width: 682px) 100vw, 682px\" \/><\/figure><div class=\"wp-block-media-text__content\">\n<h3 class=\"wp-block-heading has-x-large-font-size\">Qui suis-je ?<\/h3>\n\n\n\n<p class=\"has-medium-font-size\">Je suis Marina THOMAS, j\u2019ai 33 ans, je suis une personne <strong>passionn\u00e9e<\/strong> par mon m\u00e9tier, <strong>cr\u00e9ative<\/strong> et toujours en recherche de <strong>nouveaut\u00e9s<\/strong>.<\/p>\n\n\n\n<p class=\"has-medium-font-size\">Qui dit nouveaut\u00e9, dit <strong>fabrication<\/strong>, je cr\u00e9er la totalit\u00e9 des d\u00e9cors de mes propres mains. La menuiserie fait partie int\u00e9grante de mon m\u00e9tier et j\u2019aime vraiment voir que mes d\u00e9cors prennent vie d\u2019un croquis \u00e0 sa r\u00e9alisation.  <\/p>\n\n\n\n<p class=\"has-medium-font-size\"> Je d\u00e9core des \u00e9v\u00e9nements depuis mon plus jeune \u00e2ge, j\u2019ai toujours eu \u00e0 c\u0153ur de surprendre mes invit\u00e9s et mes clients et leur faire d\u00e9couvrir des exp\u00e9riences nouvelles pour passer un moment inoubliable.<\/p>\n\n\n\n<p class=\"has-medium-font-size\">J\u2019ai r\u00e9alis\u00e9 la formation Superplanner \u00e0 <strong>Paris<\/strong> afin d\u2019avoir toutes les cl\u00e9s pour organiser les d\u00e9cors sans fausses notes, je me suis aussi form\u00e9e au design floral dans le sud de la France par la c\u00e9l\u00e8bre <strong>fleuriste Charlotte Flower and Twig <\/strong>afin de vous proposer une prestation de qualit\u00e9.<\/p>\n\n\n\n<p class=\"has-medium-font-size\">J\u2019aime que mes clients soient totalement <strong>sereins<\/strong> lors de l\u2019organisation d\u2019un d\u00e9cor, il est important pour moi d\u2019\u00eatre <strong>r\u00e9active<\/strong> en cas de demande hors du commun ou de derni\u00e8re minute, et surtout de toujours leurs apporter de bonnes surprises gr\u00e2ce \u00e0 la d\u00e9couverte des d\u00e9cors pr\u00e9alablement mis en place sur informatique.<\/p>\n<\/div><\/div>\n\n\n\n<div style=\"height:100px\" aria-hidden=\"true\" class=\"wp-block-spacer\"><\/div>\n\n\n\n<h2 class=\"wp-block-heading alignwide has-text-align-center\">Vos retours<\/h2>\n\n\n\n<div style=\"height:50px\" aria-hidden=\"true\" class=\"wp-block-spacer\"><\/div>\n\n\n\n<div id=\"wp-block-themeisle-blocks-slider-cfecf0e1\" class=\"wp-block-themeisle-blocks-slider alignfull glide\" data-per-view=\"1\" data-gap=\"0\" data-peek=\"0\" data-autoplay=\"true\" data-height=\"400px\" data-hide-arrows=\"false\"><div class=\"glide__track\" data-glide-el=\"track\"><div class=\"glide__slides\"><div class=\"wp-block-themeisle-blocks-slider-item-wrapper glide__slide\" tabindex=\"0\"><figure><img decoding=\"async\" class=\"wp-block-themeisle-blocks-slider-item\" src=\"https:\/\/mt-decoratrice-evenementielle.fr\/wp-content\/uploads\/2025\/02\/1-666fa5.svg\" alt=\"\" title=\"\" data-id=\"1396\"\/><\/figure><\/div><div class=\"wp-block-themeisle-blocks-slider-item-wrapper glide__slide\" tabindex=\"0\"><figure><img decoding=\"async\" class=\"wp-block-themeisle-blocks-slider-item\" src=\"https:\/\/mt-decoratrice-evenementielle.fr\/wp-content\/uploads\/2025\/02\/2-e9c96b.svg\" alt=\"\" title=\"\" data-id=\"1397\"\/><\/figure><\/div><div class=\"wp-block-themeisle-blocks-slider-item-wrapper glide__slide\" tabindex=\"0\"><figure><img decoding=\"async\" class=\"wp-block-themeisle-blocks-slider-item\" src=\"https:\/\/mt-decoratrice-evenementielle.fr\/wp-content\/uploads\/2025\/02\/3-b2b09c.svg\" alt=\"\" title=\"\" data-id=\"1398\"\/><\/figure><\/div><div class=\"wp-block-themeisle-blocks-slider-item-wrapper glide__slide\" tabindex=\"0\"><figure><img decoding=\"async\" class=\"wp-block-themeisle-blocks-slider-item\" src=\"https:\/\/mt-decoratrice-evenementielle.fr\/wp-content\/uploads\/2025\/02\/4-6cee93.svg\" alt=\"\" title=\"\" data-id=\"1399\"\/><\/figure><\/div><\/div><div class=\"glide__bullets\" data-glide-el=\"controls[nav]\"><button class=\"glide__bullet\" data-glide-dir=\"=0\"><\/button><button class=\"glide__bullet\" data-glide-dir=\"=1\"><\/button><button class=\"glide__bullet\" data-glide-dir=\"=2\"><\/button><button class=\"glide__bullet\" data-glide-dir=\"=3\"><\/button><\/div><\/div><\/div>\n\n\n\n<div style=\"height:100px\" aria-hidden=\"true\" class=\"wp-block-spacer\"><\/div>\n\n\n\n<h2 class=\"wp-block-heading has-text-align-center\">Suivez nous sur les r\u00e9seaux<\/h2>\n\n\n\n<ul class=\"wp-block-social-links aligncenter is-layout-flex wp-block-social-links-is-layout-flex\"><li class=\"wp-social-link wp-social-link-facebook  wp-block-social-link\"><a href=\"https:\/\/www.facebook.com\/marina.thomas.7169\" class=\"wp-block-social-link-anchor\"><svg width=\"24\" height=\"24\" viewBox=\"0 0 24 24\" version=\"1.1\" xmlns=\"http:\/\/www.w3.org\/2000\/svg\" aria-hidden=\"true\" focusable=\"false\"><path d=\"M12 2C6.5 2 2 6.5 2 12c0 5 3.7 9.1 8.4 9.9v-7H7.9V12h2.5V9.8c0-2.5 1.5-3.9 3.8-3.9 1.1 0 2.2.2 2.2.2v2.5h-1.3c-1.2 0-1.6.8-1.6 1.6V12h2.8l-.4 2.9h-2.3v7C18.3 21.1 22 17 22 12c0-5.5-4.5-10-10-10z\"><\/path><\/svg><span class=\"wp-block-social-link-label screen-reader-text\">Facebook<\/span><\/a><\/li>\n\n<li class=\"wp-social-link wp-social-link-instagram  wp-block-social-link\"><a href=\"https:\/\/www.instagram.com\/mt.decoevent\/\" class=\"wp-block-social-link-anchor\"><svg width=\"24\" height=\"24\" viewBox=\"0 0 24 24\" version=\"1.1\" xmlns=\"http:\/\/www.w3.org\/2000\/svg\" aria-hidden=\"true\" focusable=\"false\"><path d=\"M12,4.622c2.403,0,2.688,0.009,3.637,0.052c0.877,0.04,1.354,0.187,1.671,0.31c0.42,0.163,0.72,0.358,1.035,0.673 c0.315,0.315,0.51,0.615,0.673,1.035c0.123,0.317,0.27,0.794,0.31,1.671c0.043,0.949,0.052,1.234,0.052,3.637 s-0.009,2.688-0.052,3.637c-0.04,0.877-0.187,1.354-0.31,1.671c-0.163,0.42-0.358,0.72-0.673,1.035 c-0.315,0.315-0.615,0.51-1.035,0.673c-0.317,0.123-0.794,0.27-1.671,0.31c-0.949,0.043-1.233,0.052-3.637,0.052 s-2.688-0.009-3.637-0.052c-0.877-0.04-1.354-0.187-1.671-0.31c-0.42-0.163-0.72-0.358-1.035-0.673 c-0.315-0.315-0.51-0.615-0.673-1.035c-0.123-0.317-0.27-0.794-0.31-1.671C4.631,14.688,4.622,14.403,4.622,12 s0.009-2.688,0.052-3.637c0.04-0.877,0.187-1.354,0.31-1.671c0.163-0.42,0.358-0.72,0.673-1.035 c0.315-0.315,0.615-0.51,1.035-0.673c0.317-0.123,0.794-0.27,1.671-0.31C9.312,4.631,9.597,4.622,12,4.622 M12,3 C9.556,3,9.249,3.01,8.289,3.054C7.331,3.098,6.677,3.25,6.105,3.472C5.513,3.702,5.011,4.01,4.511,4.511 c-0.5,0.5-0.808,1.002-1.038,1.594C3.25,6.677,3.098,7.331,3.054,8.289C3.01,9.249,3,9.556,3,12c0,2.444,0.01,2.751,0.054,3.711 c0.044,0.958,0.196,1.612,0.418,2.185c0.23,0.592,0.538,1.094,1.038,1.594c0.5,0.5,1.002,0.808,1.594,1.038 c0.572,0.222,1.227,0.375,2.185,0.418C9.249,20.99,9.556,21,12,21s2.751-0.01,3.711-0.054c0.958-0.044,1.612-0.196,2.185-0.418 c0.592-0.23,1.094-0.538,1.594-1.038c0.5-0.5,0.808-1.002,1.038-1.594c0.222-0.572,0.375-1.227,0.418-2.185 C20.99,14.751,21,14.444,21,12s-0.01-2.751-0.054-3.711c-0.044-0.958-0.196-1.612-0.418-2.185c-0.23-0.592-0.538-1.094-1.038-1.594 c-0.5-0.5-1.002-0.808-1.594-1.038c-0.572-0.222-1.227-0.375-2.185-0.418C14.751,3.01,14.444,3,12,3L12,3z M12,7.378 c-2.552,0-4.622,2.069-4.622,4.622S9.448,16.622,12,16.622s4.622-2.069,4.622-4.622S14.552,7.378,12,7.378z M12,15 c-1.657,0-3-1.343-3-3s1.343-3,3-3s3,1.343,3,3S13.657,15,12,15z M16.804,6.116c-0.596,0-1.08,0.484-1.08,1.08 s0.484,1.08,1.08,1.08c0.596,0,1.08-0.484,1.08-1.08S17.401,6.116,16.804,6.116z\"><\/path><\/svg><span class=\"wp-block-social-link-label screen-reader-text\">Instagram<\/span><\/a><\/li>\n\n<li class=\"wp-social-link wp-social-link-linkedin  wp-block-social-link\"><a href=\"https:\/\/www.linkedin.com\/in\/marina-thomas-7581351a6\/\" class=\"wp-block-social-link-anchor\"><svg width=\"24\" height=\"24\" viewBox=\"0 0 24 24\" version=\"1.1\" xmlns=\"http:\/\/www.w3.org\/2000\/svg\" aria-hidden=\"true\" focusable=\"false\"><path d=\"M19.7,3H4.3C3.582,3,3,3.582,3,4.3v15.4C3,20.418,3.582,21,4.3,21h15.4c0.718,0,1.3-0.582,1.3-1.3V4.3 C21,3.582,20.418,3,19.7,3z M8.339,18.338H5.667v-8.59h2.672V18.338z M7.004,8.574c-0.857,0-1.549-0.694-1.549-1.548 c0-0.855,0.691-1.548,1.549-1.548c0.854,0,1.547,0.694,1.547,1.548C8.551,7.881,7.858,8.574,7.004,8.574z M18.339,18.338h-2.669 v-4.177c0-0.996-0.017-2.278-1.387-2.278c-1.389,0-1.601,1.086-1.601,2.206v4.249h-2.667v-8.59h2.559v1.174h0.037 c0.356-0.675,1.227-1.387,2.526-1.387c2.703,0,3.203,1.779,3.203,4.092V18.338z\"><\/path><\/svg><span class=\"wp-block-social-link-label screen-reader-text\">LinkedIn<\/span><\/a><\/li><\/ul>\n\n\n\n<div style=\"height:68px\" aria-hidden=\"true\" class=\"wp-block-spacer\"><\/div>\n","protected":false},"excerpt":{"rendered":"<p>MT D\u00e9coratrice Ev\u00e9nementielle c\u2019est quoi ? C\u2019est une agence de d\u00e9coration d\u2019\u00e9v\u00e9nement situ\u00e9e \u00e0 Foug\u00e8res, en Ille et Vilaine, g\u00e9r\u00e9e par Marina THOMAS la cr\u00e9atrice, depuis Mai 2020. Notre agence intervient l\u00e0 o\u00f9 le client le souhaite, en France ou \u00e0 l\u2019\u00e9tranger, \u00e0 n\u2019importe quelle p\u00e9riode de l\u2019ann\u00e9e. Le but de notre activit\u00e9 est de [&hellip;]<\/p>\n","protected":false},"author":1,"featured_media":0,"parent":0,"menu_order":0,"comment_status":"closed","ping_status":"closed","template":"","meta":{"hide_page_title":"","_themeisle_gutenberg_block_has_review":false,"footnotes":""},"class_list":["post-1124","page","type-page","status-publish","hentry"],"_links":{"self":[{"href":"https:\/\/mt-decoratrice-evenementielle.fr\/index.php?rest_route=\/wp\/v2\/pages\/1124","targetHints":{"allow":["GET"]}}],"collection":[{"href":"https:\/\/mt-decoratrice-evenementielle.fr\/index.php?rest_route=\/wp\/v2\/pages"}],"about":[{"href":"https:\/\/mt-decoratrice-evenementielle.fr\/index.php?rest_route=\/wp\/v2\/types\/page"}],"author":[{"embeddable":true,"href":"https:\/\/mt-decoratrice-evenementielle.fr\/index.php?rest_route=\/wp\/v2\/users\/1"}],"replies":[{"embeddable":true,"href":"https:\/\/mt-decoratrice-evenementielle.fr\/index.php?rest_route=%2Fwp%2Fv2%2Fcomments&post=1124"}],"version-history":[{"count":33,"href":"https:\/\/mt-decoratrice-evenementielle.fr\/index.php?rest_route=\/wp\/v2\/pages\/1124\/revisions"}],"predecessor-version":[{"id":1529,"href":"https:\/\/mt-decoratrice-evenementielle.fr\/index.php?rest_route=\/wp\/v2\/pages\/1124\/revisions\/1529"}],"wp:attachment":[{"href":"https:\/\/mt-decoratrice-evenementielle.fr\/index.php?rest_route=%2Fwp%2Fv2%2Fmedia&parent=1124"}],"curies":[{"name":"wp","href":"https:\/\/api.w.org\/{rel}","templated":true}]}}